{"version":"1.0","provider_name":"Art Out Lounge","provider_url":"https:\/\/www.artout.ro\/lounge","author_name":"Art Out Lounge","author_url":"https:\/\/www.artout.ro\/lounge","title":"Andr\u00e9 Rieu a ajuns la Bucure\u015fti! - Art Out Lounge","type":"rich","width":600,"height":338,"html":"<blockquote class=\"wp-embedded-content\" data-secret=\"NjBmqpB3tQ\"><a href=\"https:\/\/www.artout.ro\/lounge\/articole-art-out\/andre-rieu-a-ajuns-la-bucuresti\/\">Andr\u00e9 Rieu a ajuns la Bucure\u015fti!<\/a><\/blockquote><iframe sandbox=\"allow-scripts\" security=\"restricted\" src=\"https:\/\/www.artout.ro\/lounge\/articole-art-out\/andre-rieu-a-ajuns-la-bucuresti\/embed\/#?secret=NjBmqpB3tQ\" width=\"600\" height=\"338\" title=\"&#8222;Andr\u00e9 Rieu a ajuns la Bucure\u015fti!&#8221; &#8211; Art Out Lounge\" data-secret=\"NjBmqpB3tQ\" frameborder=\"0\" marginwidth=\"0\" marginheight=\"0\" scrolling=\"no\" class=\"wp-embedded-content\"><\/iframe><script>\n\/*! This file is auto-generated *\/\n!function(d,l){\"use strict\";l.querySelector&&d.addEventListener&&\"undefined\"!=typeof URL&&(d.wp=d.wp||{},d.wp.receiveEmbedMessage||(d.wp.receiveEmbedMessage=function(e){var t=e.data;if((t||t.secret||t.message||t.value)&&!\/[^a-zA-Z0-9]\/.test(t.secret)){for(var s,r,n,a=l.querySelectorAll('iframe[data-secret=\"'+t.secret+'\"]'),o=l.querySelectorAll('blockquote[data-secret=\"'+t.secret+'\"]'),c=new RegExp(\"^https?:$\",\"i\"),i=0;i<o.length;i++)o[i].style.display=\"none\";for(i=0;i<a.length;i++)s=a[i],e.source===s.contentWindow&&(s.removeAttribute(\"style\"),\"height\"===t.message?(1e3<(r=parseInt(t.value,10))?r=1e3:~~r<200&&(r=200),s.height=r):\"link\"===t.message&&(r=new URL(s.getAttribute(\"src\")),n=new URL(t.value),c.test(n.protocol))&&n.host===r.host&&l.activeElement===s&&(d.top.location.href=t.value))}},d.addEventListener(\"message\",d.wp.receiveEmbedMessage,!1),l.addEventListener(\"DOMContentLoaded\",function(){for(var e,t,s=l.querySelectorAll(\"iframe.wp-embedded-content\"),r=0;r<s.length;r++)(t=(e=s[r]).getAttribute(\"data-secret\"))||(t=Math.random().toString(36).substring(2,12),e.src+=\"#?secret=\"+t,e.setAttribute(\"data-secret\",t)),e.contentWindow.postMessage({message:\"ready\",secret:t},\"*\")},!1)))}(window,document);\n\/\/# sourceURL=https:\/\/www.artout.ro\/lounge\/wp-includes\/js\/wp-embed.min.js\n<\/script>\n","thumbnail_url":"https:\/\/www.artout.ro\/lounge\/wp-content\/uploads\/2015\/06\/AR_pic2.jpg","thumbnail_width":683,"thumbnail_height":1024,"description":"Joi, 4 iunie. Ora 13.10. Andr\u00e9 Rieu a fost \u00eent\u00e2mpinat de o \u201earmat\u0103\u201d de jurnali\u015fti pe Aeroportul Interna\u021bional Henri Coand\u0103 Bucure\u0219ti. Amabil, z\u00e2mbitor, celebrul violonist olandez a r\u0103spuns \u00eentreb\u0103rilor jurnali\u015ftilor \u015fi a f\u0103cut fotografii al\u0103turi de c\u00e2\u0163iva fani noroco\u015fi. &#8222;Abia a\u015ftept s\u0103 m\u0103 \u00eent\u00e2lnesc cu publicul din Romania. Am preg\u0103tit ceva special, nu v\u0103 spun, [&hellip;]"}