{"version":"1.0","provider_name":"Art Out Lounge","provider_url":"https:\/\/www.artout.ro\/lounge","author_name":"Art Out Lounge","author_url":"https:\/\/www.artout.ro\/lounge","title":"Muzeul Na\u021bional al \u021a\u0103ranului Rom\u00e2n v\u0103 a\u0219teapt\u0103 \u00een perioada 25 februarie \u2013 1 martie 2017 la T\u00e2rgul M\u0103r\u021bi\u0219orului - Art Out Lounge","type":"rich","width":600,"height":338,"html":"<blockquote class=\"wp-embedded-content\" data-secret=\"fJPXQDdYZr\"><a href=\"https:\/\/www.artout.ro\/lounge\/recomandari-2\/targul-martisorului-2\/\">Muzeul Na\u021bional al \u021a\u0103ranului Rom\u00e2n v\u0103 a\u0219teapt\u0103 \u00een perioada 25 februarie \u2013 1 martie 2017 la  T\u00e2rgul M\u0103r\u021bi\u0219orului<\/a><\/blockquote><iframe sandbox=\"allow-scripts\" security=\"restricted\" src=\"https:\/\/www.artout.ro\/lounge\/recomandari-2\/targul-martisorului-2\/embed\/#?secret=fJPXQDdYZr\" width=\"600\" height=\"338\" title=\"&#8222;Muzeul Na\u021bional al \u021a\u0103ranului Rom\u00e2n v\u0103 a\u0219teapt\u0103 \u00een perioada 25 februarie \u2013 1 martie 2017 la  T\u00e2rgul M\u0103r\u021bi\u0219orului&#8221; &#8211; Art Out Lounge\" data-secret=\"fJPXQDdYZr\" frameborder=\"0\" marginwidth=\"0\" marginheight=\"0\" scrolling=\"no\" class=\"wp-embedded-content\"><\/iframe><script>\n\/*! This file is auto-generated *\/\n!function(d,l){\"use strict\";l.querySelector&&d.addEventListener&&\"undefined\"!=typeof URL&&(d.wp=d.wp||{},d.wp.receiveEmbedMessage||(d.wp.receiveEmbedMessage=function(e){var t=e.data;if((t||t.secret||t.message||t.value)&&!\/[^a-zA-Z0-9]\/.test(t.secret)){for(var s,r,n,a=l.querySelectorAll('iframe[data-secret=\"'+t.secret+'\"]'),o=l.querySelectorAll('blockquote[data-secret=\"'+t.secret+'\"]'),c=new RegExp(\"^https?:$\",\"i\"),i=0;i<o.length;i++)o[i].style.display=\"none\";for(i=0;i<a.length;i++)s=a[i],e.source===s.contentWindow&&(s.removeAttribute(\"style\"),\"height\"===t.message?(1e3<(r=parseInt(t.value,10))?r=1e3:~~r<200&&(r=200),s.height=r):\"link\"===t.message&&(r=new URL(s.getAttribute(\"src\")),n=new URL(t.value),c.test(n.protocol))&&n.host===r.host&&l.activeElement===s&&(d.top.location.href=t.value))}},d.addEventListener(\"message\",d.wp.receiveEmbedMessage,!1),l.addEventListener(\"DOMContentLoaded\",function(){for(var e,t,s=l.querySelectorAll(\"iframe.wp-embedded-content\"),r=0;r<s.length;r++)(t=(e=s[r]).getAttribute(\"data-secret\"))||(t=Math.random().toString(36).substring(2,12),e.src+=\"#?secret=\"+t,e.setAttribute(\"data-secret\",t)),e.contentWindow.postMessage({message:\"ready\",secret:t},\"*\")},!1)))}(window,document);\n\/\/# sourceURL=https:\/\/www.artout.ro\/lounge\/wp-includes\/js\/wp-embed.min.js\n<\/script>\n","description":"M\u0103r\u021bi\u0219or, M\u0103r\u021bi\u0219ug sau Mar\u021b, obicei de 1 martie consemnat de etnologii \u00eenceputului de secol XX, era prezent nu numai la rom\u00e2ni, dar \u0219i la bulgarii \u0219i albanezii din Balcani. Obicei pe care \u021b\u0103ranii \u00eel repetau \u00een fiecare \u00eenceput de prim\u0103var\u0103 ca semn protector \u00eempotriva bolilor \u0219i a nenorocului. Copiilor li se lega o moned\u0103 de [&hellip;]","thumbnail_url":"http:\/\/artout.ro\/reviste\/blog\/wp-content\/uploads\/2017\/02\/afis-targ-martisor-2017-website.jpg"}