{"version":"1.0","provider_name":"Art Out Lounge","provider_url":"https:\/\/www.artout.ro\/lounge","author_name":"adminart1","author_url":"https:\/\/www.artout.ro\/lounge\/author\/adminart1\/","title":"Vocea \u00cengerilor va r\u0103suna pe scena Ateneului Rom\u00e2n - Art Out Lounge","type":"rich","width":600,"height":338,"html":"<blockquote class=\"wp-embedded-content\" data-secret=\"kPHJp0LfHN\"><a href=\"https:\/\/www.artout.ro\/lounge\/stiri\/vocea-ingerilor-va-rasuna-pe-scena-ateneului-roman\/\">Vocea \u00cengerilor va r\u0103suna pe scena Ateneului Rom\u00e2n<\/a><\/blockquote><iframe sandbox=\"allow-scripts\" security=\"restricted\" src=\"https:\/\/www.artout.ro\/lounge\/stiri\/vocea-ingerilor-va-rasuna-pe-scena-ateneului-roman\/embed\/#?secret=kPHJp0LfHN\" width=\"600\" height=\"338\" title=\"&#8222;Vocea \u00cengerilor va r\u0103suna pe scena Ateneului Rom\u00e2n&#8221; &#8211; Art Out Lounge\" data-secret=\"kPHJp0LfHN\" frameborder=\"0\" marginwidth=\"0\" marginheight=\"0\" scrolling=\"no\" class=\"wp-embedded-content\"><\/iframe><script>\n\/*! This file is auto-generated *\/\n!function(d,l){\"use strict\";l.querySelector&&d.addEventListener&&\"undefined\"!=typeof URL&&(d.wp=d.wp||{},d.wp.receiveEmbedMessage||(d.wp.receiveEmbedMessage=function(e){var t=e.data;if((t||t.secret||t.message||t.value)&&!\/[^a-zA-Z0-9]\/.test(t.secret)){for(var s,r,n,a=l.querySelectorAll('iframe[data-secret=\"'+t.secret+'\"]'),o=l.querySelectorAll('blockquote[data-secret=\"'+t.secret+'\"]'),c=new RegExp(\"^https?:$\",\"i\"),i=0;i<o.length;i++)o[i].style.display=\"none\";for(i=0;i<a.length;i++)s=a[i],e.source===s.contentWindow&&(s.removeAttribute(\"style\"),\"height\"===t.message?(1e3<(r=parseInt(t.value,10))?r=1e3:~~r<200&&(r=200),s.height=r):\"link\"===t.message&&(r=new URL(s.getAttribute(\"src\")),n=new URL(t.value),c.test(n.protocol))&&n.host===r.host&&l.activeElement===s&&(d.top.location.href=t.value))}},d.addEventListener(\"message\",d.wp.receiveEmbedMessage,!1),l.addEventListener(\"DOMContentLoaded\",function(){for(var e,t,s=l.querySelectorAll(\"iframe.wp-embedded-content\"),r=0;r<s.length;r++)(t=(e=s[r]).getAttribute(\"data-secret\"))||(t=Math.random().toString(36).substring(2,12),e.src+=\"#?secret=\"+t,e.setAttribute(\"data-secret\",t)),e.contentWindow.postMessage({message:\"ready\",secret:t},\"*\")},!1)))}(window,document);\n\/\/# sourceURL=https:\/\/www.artout.ro\/lounge\/wp-includes\/js\/wp-embed.min.js\n<\/script>\n","description":"Au mai r\u0103mas c\u00e2teva zile p\u00e2n\u0103 la cel mai prestigios concert al sezonului: chiar \u00een seara de Ajun, vocea cristalin\u0103 a sopranei de renume mondial DIVNA LJUBOJEVI\u0106 va vesti Na\u015fterea Domnului, pe scena Ateneului Rom\u00e2n. Asemenea glasului unui \u00eenger din \u00eenaltul cerului, vocea DIVNEI va trece dincolo\u00a0 de timp \u015fi spa\u0163iu pentru a atinge \u015fi [&hellip;]","thumbnail_url":"http:\/\/artout.ro\/blog\/blog\/wp-content\/uploads\/2013\/12\/Divna-600X800-210x300.jpg"}